{"version":"1.0","provider_name":"Feria de teatro y danza","provider_url":"https:\/\/feriadeteatroydanza.com","author_name":"Isabel","author_url":"https:\/\/feriadeteatroydanza.com\/index.php\/author\/isabel\/","title":"Compa\u00f1\u00edas 2026 - Feria de teatro y danza","type":"rich","width":600,"height":338,"html":"<blockquote class=\"wp-embedded-content\" data-secret=\"YbaCIVYx4n\"><a href=\"https:\/\/feriadeteatroydanza.com\/index.php\/companias-2026\/\">Compa\u00f1\u00edas 2026<\/a><\/blockquote><iframe sandbox=\"allow-scripts\" security=\"restricted\" src=\"https:\/\/feriadeteatroydanza.com\/index.php\/companias-2026\/embed\/#?secret=YbaCIVYx4n\" width=\"600\" height=\"338\" title=\"\u00abCompa\u00f1\u00edas 2026\u00bb \u2014 Feria de teatro y danza\" data-secret=\"YbaCIVYx4n\" frameborder=\"0\" marginwidth=\"0\" marginheight=\"0\" scrolling=\"no\" class=\"wp-embedded-content\"><\/iframe><script type=\"text\/javascript\">\n\/* <![CDATA[ *\/\n\/*! This file is auto-generated *\/\n!function(d,l){\"use strict\";l.querySelector&&d.addEventListener&&\"undefined\"!=typeof URL&&(d.wp=d.wp||{},d.wp.receiveEmbedMessage||(d.wp.receiveEmbedMessage=function(e){var t=e.data;if((t||t.secret||t.message||t.value)&&!\/[^a-zA-Z0-9]\/.test(t.secret)){for(var s,r,n,a=l.querySelectorAll('iframe[data-secret=\"'+t.secret+'\"]'),o=l.querySelectorAll('blockquote[data-secret=\"'+t.secret+'\"]'),c=new RegExp(\"^https?:$\",\"i\"),i=0;i<o.length;i++)o[i].style.display=\"none\";for(i=0;i<a.length;i++)s=a[i],e.source===s.contentWindow&&(s.removeAttribute(\"style\"),\"height\"===t.message?(1e3<(r=parseInt(t.value,10))?r=1e3:~~r<200&&(r=200),s.height=r):\"link\"===t.message&&(r=new URL(s.getAttribute(\"src\")),n=new URL(t.value),c.test(n.protocol))&&n.host===r.host&&l.activeElement===s&&(d.top.location.href=t.value))}},d.addEventListener(\"message\",d.wp.receiveEmbedMessage,!1),l.addEventListener(\"DOMContentLoaded\",function(){for(var e,t,s=l.querySelectorAll(\"iframe.wp-embedded-content\"),r=0;r<s.length;r++)(t=(e=s[r]).getAttribute(\"data-secret\"))||(t=Math.random().toString(36).substring(2,12),e.src+=\"#?secret=\"+t,e.setAttribute(\"data-secret\",t)),e.contentWindow.postMessage({message:\"ready\",secret:t},\"*\")},!1)))}(window,document);\n\/* ]]> *\/\n<\/script>\n","description":"[vc_row][vc_column][vc_empty_space][\/vc_column][\/vc_row][vc_row][vc_column width=\u00bb1\/4&#8243;][vc_single_image image=\u00bb5697&#8243; img_size=\u00bb300&#215;300&#8243; style=\u00bbvc_box_rounded\u00bb onclick=\u00bbcustom_link\u00bb link=\u00bbhttps:\/\/feriadeteatroydanza.com\/index.php\/event\/a-ton-town-west\/\u00bb][vc_column_text] A Ton Town West Almozandia Teatro[\/vc_column_text][vc_empty_space][\/vc_column][vc_column width=\u00bb1\/4&#8243;][vc_single_image image=\u00bb5699&#8243; img_size=\u00bb300&#215;300&#8243; style=\u00bbvc_box_rounded\u00bb onclick=\u00bbcustom_link\u00bb link=\u00bbhttps:\/\/feriadeteatroydanza.com\/index.php\/event\/dobles\/\u00bb][vc_column_text] Dobles Maria Ganzar\u00e1in Pina y Teresa Magall\u00f3n Cort\u00e9s[\/vc_column_text][\/vc_column][vc_column width=\u00bb1\/4&#8243;][vc_single_image image=\u00bb5701&#8243; img_size=\u00bb300&#215;300&#8243; style=\u00bbvc_box_rounded\u00bb onclick=\u00bbcustom_link\u00bb link=\u00bbhttps:\/\/feriadeteatroydanza.com\/index.php\/event\/tatas\/\u00bb][vc_column_text] Tatas Trapecio Mucho[\/vc_column_text][\/vc_column][vc_column width=\u00bb1\/4&#8243;][vc_single_image image=\u00bb5715&#8243; img_size=\u00bb300&#215;300&#8243; style=\u00bbvc_box_rounded\u00bb onclick=\u00bbcustom_link\u00bb link=\u00bbhttps:\/\/feriadeteatroydanza.com\/index.php\/event\/5721\/\u00bb][vc_column_text] Brigada B.Z.Z.Z. Kabuts[\/vc_column_text][\/vc_column][\/vc_row][vc_row][vc_column..."}