{"id":5708,"date":"2026-08-06T17:13:49","date_gmt":"2026-08-06T17:13:49","guid":{"rendered":"https:\/\/feriadeteatroydanza.com\/?page_id=5708"},"modified":"2026-09-01T12:27:45","modified_gmt":"2026-09-01T12:27:45","slug":"companias-2026","status":"publish","type":"page","link":"https:\/\/feriadeteatroydanza.com\/index.php\/companias-2026\/","title":{"rendered":"Compa\u00f1\u00edas 2026"},"content":{"rendered":"<p>[vc_row][vc_column]\n<div class=\"qodef-section-title\">\n\t<p class=\"qodef-section-before-text\" >\n\t\t\t<\/p>\n\n\t<h2 class=\"qodef-section-title-text\" >\n\t\tAvance Compa\u00f1\u00edas Participantes 2026\t<\/h2>\n\n\t\t\t<div class=\"qodef-separator-holder clearfix  \">\n\t<div class=\"qodef-separator\" style=\"border-color: #000;border-style: solid;width: 22px;border-bottom-width: 4px;margin-top: 27px\"><\/div>\n<\/div>\n\t<\/div>\n[vc_empty_space][\/vc_column][\/vc_row][vc_row][vc_column width=\u00bb1\/4&#8243;][vc_single_image image=\u00bb5697&#8243; img_size=\u00bb300&#215;300&#8243; style=\u00bbvc_box_rounded\u00bb onclick=\u00bbcustom_link\u00bb link=\u00bbhttps:\/\/feriadeteatroydanza.com\/index.php\/event\/a-ton-town-west\/\u00bb][vc_column_text]<\/p>\n<h4><a href=\"https:\/\/feriadeteatroydanza.com\/index.php\/event\/a-ton-town-west\/\">A Ton Town West<\/a><\/h4>\n<p>Almozandia Teatro[\/vc_column_text][vc_empty_space][\/vc_column][vc_column width=\u00bb1\/4&#8243;][vc_single_image image=\u00bb5699&#8243; img_size=\u00bb300&#215;300&#8243; style=\u00bbvc_box_rounded\u00bb onclick=\u00bbcustom_link\u00bb link=\u00bbhttps:\/\/feriadeteatroydanza.com\/index.php\/event\/dobles\/\u00bb][vc_column_text]<\/p>\n<h4><a href=\"https:\/\/feriadeteatroydanza.com\/index.php\/event\/dobles\/\">Dobles<\/a><\/h4>\n<p>Maria Ganzar\u00e1in Pina y Teresa Magall\u00f3n Cort\u00e9s[\/vc_column_text][\/vc_column][vc_column width=\u00bb1\/4&#8243;][vc_single_image image=\u00bb5701&#8243; img_size=\u00bb300&#215;300&#8243; style=\u00bbvc_box_rounded\u00bb onclick=\u00bbcustom_link\u00bb link=\u00bbhttps:\/\/feriadeteatroydanza.com\/index.php\/event\/tatas\/\u00bb][vc_column_text]<\/p>\n<h4><a href=\"https:\/\/feriadeteatroydanza.com\/index.php\/event\/tatas\/\">Tatas<\/a><\/h4>\n<p>Trapecio Mucho[\/vc_column_text][\/vc_column][vc_column width=\u00bb1\/4&#8243;][vc_single_image image=\u00bb5715&#8243; img_size=\u00bb300&#215;300&#8243; style=\u00bbvc_box_rounded\u00bb onclick=\u00bbcustom_link\u00bb link=\u00bbhttps:\/\/feriadeteatroydanza.com\/index.php\/event\/5721\/\u00bb][vc_column_text]<\/p>\n<h4><a href=\"https:\/\/feriadeteatroydanza.com\/index.php\/event\/5721\/\">Brigada B.Z.Z.Z.<\/a><\/h4>\n<p>Kabuts[\/vc_column_text][\/vc_column][\/vc_row][vc_row][vc_column width=\u00bb1\/4&#8243;][vc_single_image image=\u00bb5718&#8243; img_size=\u00bb300&#215;300&#8243; style=\u00bbvc_box_rounded\u00bb onclick=\u00bbcustom_link\u00bb link=\u00bbhttps:\/\/feriadeteatroydanza.com\/index.php\/event\/la-actitud\/\u00bb][vc_column_text]<\/p>\n<h4><a href=\"https:\/\/feriadeteatroydanza.com\/index.php\/event\/la-actitud\/\">L&#8217;Actitud<\/a><\/h4>\n<p>JAM[\/vc_column_text][vc_empty_space][\/vc_column][vc_column width=\u00bb1\/4&#8243;][vc_single_image image=\u00bb5726&#8243; img_size=\u00bb300&#215;300&#8243; style=\u00bbvc_box_rounded\u00bb onclick=\u00bbcustom_link\u00bb link=\u00bbhttps:\/\/feriadeteatroydanza.com\/index.php\/event\/black-box\/\u00bb][vc_column_text]<\/p>\n<h4><a href=\"https:\/\/feriadeteatroydanza.com\/index.php\/event\/black-box\/\">Black Box<\/a><\/h4>\n<p>Hugo Torres[\/vc_column_text][\/vc_column][vc_column width=\u00bb1\/4&#8243;][vc_single_image image=\u00bb5728&#8243; img_size=\u00bb300&#215;300&#8243; style=\u00bbvc_box_rounded\u00bb onclick=\u00bbcustom_link\u00bb link=\u00bbhttps:\/\/feriadeteatroydanza.com\/index.php\/event\/ruta\/\u00bb][vc_column_text]<\/p>\n<h4><a href=\"https:\/\/feriadeteatroydanza.com\/index.php\/event\/ruta\/\">Ruta<\/a><\/h4>\n<p>Compa\u00f1\u00eda Capic\u00faa[\/vc_column_text][\/vc_column][vc_column width=\u00bb1\/4&#8243;][vc_single_image image=\u00bb5730&#8243; img_size=\u00bb300&#215;300&#8243; style=\u00bbvc_box_rounded\u00bb onclick=\u00bbcustom_link\u00bb link=\u00bbhttps:\/\/feriadeteatroydanza.com\/index.php\/event\/dial-a-story-marca-una-historia\/\u00bb][vc_column_text]<a href=\"https:\/\/feriadeteatroydanza.com\/index.php\/event\/dial-a-story-marca-una-historia\/\"><strong>DIAL-A-STORY [Marca-Una-Historia]<\/strong><\/a><br \/>\nProyecto Cultura[\/vc_column_text][\/vc_column][\/vc_row][vc_row][vc_column width=\u00bb1\/4&#8243;][vc_single_image image=\u00bb5737&#8243; img_size=\u00bb300&#215;300&#8243; style=\u00bbvc_box_rounded\u00bb onclick=\u00bbcustom_link\u00bb link=\u00bbhttps:\/\/feriadeteatroydanza.com\/index.php\/event\/para-la-primavera-nada\/\u00bb][vc_column_text]<\/p>\n<h4><a href=\"https:\/\/feriadeteatroydanza.com\/index.php\/event\/para-la-primavera-nada\/\">Para la primavera, nada<\/a><\/h4>\n<p>La maestra de Niablas[\/vc_column_text][vc_empty_space][\/vc_column][vc_column width=\u00bb1\/4&#8243;][vc_single_image image=\u00bb5743&#8243; img_size=\u00bb300&#215;300&#8243; style=\u00bbvc_box_rounded\u00bb onclick=\u00bbcustom_link\u00bb link=\u00bbhttps:\/\/feriadeteatroydanza.com\/index.php\/event\/viva\/\u00bb][vc_column_text]<\/p>\n<h4><a href=\"https:\/\/feriadeteatroydanza.com\/index.php\/event\/viva\/\">VIVA!<\/a><\/h4>\n<p>La Loquace Compagnie[\/vc_column_text][\/vc_column][vc_column width=\u00bb1\/4&#8243;][vc_single_image image=\u00bb5747&#8243; img_size=\u00bb300&#215;300&#8243; style=\u00bbvc_box_rounded\u00bb onclick=\u00bbcustom_link\u00bb link=\u00bbhttps:\/\/feriadeteatroydanza.com\/index.php\/event\/secrets\/\u00bb][vc_column_text]<\/p>\n<h4><a href=\"https:\/\/feriadeteatroydanza.com\/index.php\/event\/secrets\/\">Secrets<\/a><\/h4>\n<p>Compa\u00f1\u00eda de Circo \u00abeia\u00bb[\/vc_column_text][\/vc_column][vc_column width=\u00bb1\/4&#8243;][vc_single_image image=\u00bb5749&#8243; img_size=\u00bb300&#215;300&#8243; style=\u00bbvc_box_rounded\u00bb onclick=\u00bbcustom_link\u00bb link=\u00bbhttps:\/\/feriadeteatroydanza.com\/index.php\/event\/5771\/\u00bb][vc_column_text]<\/p>\n<h4><a href=\"https:\/\/feriadeteatroydanza.com\/index.php\/event\/5771\/\">La Revoluci\u00f3n de las Flores<\/a><\/h4>\n<p>La Rid\u00edcula Danza[\/vc_column_text][\/vc_column][\/vc_row][vc_row][vc_column width=\u00bb1\/4&#8243;][vc_single_image image=\u00bb5919&#8243; img_size=\u00bb300&#215;300&#8243; style=\u00bbvc_box_rounded\u00bb onclick=\u00bbcustom_link\u00bb link=\u00bbhttps:\/\/feriadeteatroydanza.com\/index.php\/event\/la-caricia-de-la-diferencia\/\u00bb][vc_column_text]<\/p>\n<h4><a href=\"https:\/\/feriadeteatroydanza.com\/index.php\/event\/la-caricia-de-la-diferencia\/\">La caricia de la diferencia<\/a><\/h4>\n<p>Cia. Leire Mesa[\/vc_column_text][vc_empty_space][\/vc_column][vc_column width=\u00bb1\/4&#8243;][vc_single_image image=\u00bb5753&#8243; img_size=\u00bb300&#215;300&#8243; style=\u00bbvc_box_rounded\u00bb onclick=\u00bbcustom_link\u00bb link=\u00bbhttps:\/\/feriadeteatroydanza.com\/index.php\/event\/entrecruzads\/\u00bb][vc_column_text]<\/p>\n<h4><a href=\"https:\/\/feriadeteatroydanza.com\/index.php\/event\/entrecruzads\/\">Entrecruzad@s<\/a><\/h4>\n<p>Opsis Producciones[\/vc_column_text][\/vc_column][vc_column width=\u00bb1\/4&#8243;][vc_single_image image=\u00bb5755&#8243; img_size=\u00bb300&#215;300&#8243; style=\u00bbvc_box_rounded\u00bb onclick=\u00bbcustom_link\u00bb link=\u00bbhttps:\/\/feriadeteatroydanza.com\/index.php\/event\/pifia\/\u00bb][vc_column_text]<\/p>\n<h4><a href=\"https:\/\/feriadeteatroydanza.com\/index.php\/event\/pifia\/\">Pifia<\/a><\/h4>\n<p>Cia. Totapedra[\/vc_column_text][\/vc_column][vc_column width=\u00bb1\/4&#8243;][vc_single_image image=\u00bb5757&#8243; img_size=\u00bb300&#215;300&#8243; style=\u00bbvc_box_rounded\u00bb onclick=\u00bbcustom_link\u00bb link=\u00bbhttps:\/\/feriadeteatroydanza.com\/index.php\/event\/crack-el-sonido-de-las-piedras\/\u00bb][vc_column_text]<\/p>\n<h4><a href=\"https:\/\/feriadeteatroydanza.com\/index.php\/event\/crack-el-sonido-de-las-piedras\/\">CRACK. El sonido de las piedras<\/a><\/h4>\n<p>Piermario Salerno[\/vc_column_text][\/vc_column][\/vc_row][vc_row][vc_column width=\u00bb1\/4&#8243;][vc_single_image image=\u00bb5857&#8243; img_size=\u00bb300&#215;300&#8243; style=\u00bbvc_box_rounded\u00bb onclick=\u00bbcustom_link\u00bb link=\u00bbhttps:\/\/feriadeteatroydanza.com\/index.php\/event\/paloma-calle-que-se-calle\/\u00bb][vc_column_text]<\/p>\n<h4><a href=\"https:\/\/feriadeteatroydanza.com\/index.php\/event\/paloma-calle-que-se-calle\/\">Paloma Calle que se calle<\/a><\/h4>\n<p>Paloma\u00a0 Calle[\/vc_column_text][vc_empty_space][\/vc_column][vc_column width=\u00bb1\/4&#8243;][vc_single_image image=\u00bb5917&#8243; img_size=\u00bb300&#215;300&#8243; style=\u00bbvc_box_rounded\u00bb onclick=\u00bbcustom_link\u00bb link=\u00bbhttps:\/\/feriadeteatroydanza.com\/index.php\/event\/gargola\/\u00bb][vc_column_text]<\/p>\n<h4><a href=\"https:\/\/feriadeteatroydanza.com\/index.php\/event\/gargola\/\">G\u00e1rgola<\/a><\/h4>\n<p>Qabalum[\/vc_column_text][\/vc_column][vc_column width=\u00bb1\/4&#8243;][vc_single_image image=\u00bb5762&#8243; img_size=\u00bb300&#215;300&#8243; style=\u00bbvc_box_rounded\u00bb onclick=\u00bbcustom_link\u00bb link=\u00bbhttps:\/\/feriadeteatroydanza.com\/index.php\/event\/tenet\/\u00bb][vc_column_text]<\/p>\n<h4><a href=\"https:\/\/feriadeteatroydanza.com\/index.php\/event\/tenet\/\">Tenet<\/a><\/h4>\n<p>Eunoia Kolektiva[\/vc_column_text][\/vc_column][vc_column width=\u00bb1\/4&#8243;][vc_single_image image=\u00bb5791&#8243; img_size=\u00bb300&#215;300&#8243; style=\u00bbvc_box_rounded\u00bb onclick=\u00bbcustom_link\u00bb link=\u00bbhttps:\/\/feriadeteatroydanza.com\/index.php\/event\/rj\/\u00bb][vc_column_text]<\/p>\n<h4><a href=\"https:\/\/feriadeteatroydanza.com\/index.php\/event\/rj\/\">R&amp;J<\/a><\/h4>\n<p>La dram\u00e1tica errante[\/vc_column_text][\/vc_column][\/vc_row][vc_row][vc_column width=\u00bb1\/4&#8243;][vc_single_image image=\u00bb5767&#8243; img_size=\u00bb300&#215;300&#8243; style=\u00bbvc_box_rounded\u00bb onclick=\u00bbcustom_link\u00bb link=\u00bbhttps:\/\/feriadeteatroydanza.com\/index.php\/event\/zuhamu\/\u00bb][vc_column_text]<\/p>\n<h4><a href=\"https:\/\/feriadeteatroydanza.com\/index.php\/event\/zuhamu\/\">Zuhamu<\/a><\/h4>\n<p>La Trapecionista[\/vc_column_text][vc_empty_space][\/vc_column][vc_column width=\u00bb1\/4&#8243;][vc_single_image image=\u00bb5814&#8243; img_size=\u00bb300&#215;300&#8243; style=\u00bbvc_box_rounded\u00bb onclick=\u00bbcustom_link\u00bb link=\u00bbhttps:\/\/feriadeteatroydanza.com\/index.php\/event\/ser-pastora\/\u00bb][vc_column_text]<\/p>\n<h4><a href=\"https:\/\/feriadeteatroydanza.com\/index.php\/event\/ser-pastora\/\">Ser Pastora<\/a><\/h4>\n<p>Compa\u00f1\u00eda Laura Morales[\/vc_column_text][\/vc_column][vc_column width=\u00bb1\/4&#8243;][vc_single_image image=\u00bb5812&#8243; img_size=\u00bb300&#215;300&#8243; style=\u00bbvc_box_rounded\u00bb onclick=\u00bbcustom_link\u00bb link=\u00bbhttps:\/\/feriadeteatroydanza.com\/index.php\/event\/no-necesito-un-nombre-para-ser-mascota\/\u00bb][vc_column_text]<\/p>\n<h4><a href=\"https:\/\/feriadeteatroydanza.com\/index.php\/event\/no-necesito-un-nombre-para-ser-mascota\/\">No necesito un nombre para ser mascota<\/a><\/h4>\n<p>Ana Cotor\u00e9[\/vc_column_text][\/vc_column][vc_column width=\u00bb1\/4&#8243;][vc_single_image image=\u00bb5810&#8243; img_size=\u00bb300&#215;300&#8243; style=\u00bbvc_box_rounded\u00bb onclick=\u00bbcustom_link\u00bb link=\u00bbhttps:\/\/feriadeteatroydanza.com\/index.php\/event\/don-bartulos\/\u00bb][vc_column_text]<\/p>\n<h4><a href=\"https:\/\/feriadeteatroydanza.com\/index.php\/event\/don-bartulos\/\">Don B\u00e1rtulos<\/a><\/h4>\n<p>Civi Civiac[\/vc_column_text][\/vc_column][\/vc_row][vc_row][vc_column width=\u00bb1\/4&#8243;][vc_single_image image=\u00bb5808&#8243; img_size=\u00bb300&#215;300&#8243; style=\u00bbvc_box_rounded\u00bb onclick=\u00bbcustom_link\u00bb link=\u00bbhttps:\/\/feriadeteatroydanza.com\/index.php\/event\/llueve-y-hace-sol-en-paris\/\u00bb][vc_column_text]<\/p>\n<h4><a href=\"https:\/\/feriadeteatroydanza.com\/index.php\/event\/llueve-y-hace-sol-en-paris\/\">Llueve y hace sol en Par\u00eds<\/a><\/h4>\n<p>Tranv\u00eda Teatro[\/vc_column_text][vc_empty_space][\/vc_column][vc_column width=\u00bb1\/4&#8243;][vc_single_image image=\u00bb5806&#8243; img_size=\u00bb300&#215;300&#8243; style=\u00bbvc_box_rounded\u00bb onclick=\u00bbcustom_link\u00bb link=\u00bbhttps:\/\/feriadeteatroydanza.com\/index.php\/event\/ser-pastora\/\u00bb][vc_column_text]<\/p>\n<h4><a href=\"https:\/\/feriadeteatroydanza.com\/index.php\/event\/lady-bloom\/\">Lady Bloom<\/a><\/h4>\n<p>La Quebr\u00e1[\/vc_column_text][\/vc_column][vc_column width=\u00bb1\/4&#8243;][vc_single_image image=\u00bb5802&#8243; img_size=\u00bb300&#215;300&#8243; style=\u00bbvc_box_rounded\u00bb onclick=\u00bbcustom_link\u00bb link=\u00bbhttps:\/\/feriadeteatroydanza.com\/index.php\/event\/anudar\/\u00bb][vc_column_text]<\/p>\n<h4><a href=\"https:\/\/feriadeteatroydanza.com\/index.php\/event\/anudar\/\">Anudar<\/a><\/h4>\n<p>Marea Danza[\/vc_column_text][\/vc_column][vc_column width=\u00bb1\/4&#8243;][vc_single_image image=\u00bb5850&#8243; img_size=\u00bb300&#215;300&#8243; style=\u00bbvc_box_rounded\u00bb onclick=\u00bbcustom_link\u00bb link=\u00bbhttps:\/\/feriadeteatroydanza.com\/index.php\/event\/attention-a-ta-tete\/\u00bb][vc_column_text]<\/p>\n<h4><a href=\"https:\/\/feriadeteatroydanza.com\/index.php\/event\/attention-a-ta-tete\/\">Attention \u00e0 ta t\u00eate<\/a><\/h4>\n<p>Cie Le Polpesse[\/vc_column_text][\/vc_column][\/vc_row][vc_row][vc_column width=\u00bb1\/4&#8243;][vc_single_image image=\u00bb5799&#8243; img_size=\u00bb300&#215;300&#8243; style=\u00bbvc_box_rounded\u00bb onclick=\u00bbcustom_link\u00bb link=\u00bbhttps:\/\/feriadeteatroydanza.com\/index.php\/event\/baunsbak\/\u00bb][vc_column_text]<\/p>\n<h4><a href=\"https:\/\/feriadeteatroydanza.com\/index.php\/event\/baunsbak\/\">Baunsbak<\/a><\/h4>\n<p>Elvi Balboa[\/vc_column_text][vc_empty_space][\/vc_column][vc_column width=\u00bb1\/4&#8243;][vc_single_image image=\u00bb5838&#8243; img_size=\u00bb300&#215;300&#8243; style=\u00bbvc_box_rounded\u00bb onclick=\u00bbcustom_link\u00bb link=\u00bbhttps:\/\/feriadeteatroydanza.com\/index.php\/event\/godot-en-desodon-esperando-en-la-espana-vaciada\/\u00bb][vc_column_text]<\/p>\n<h4><a href=\"https:\/\/feriadeteatroydanza.com\/index.php\/event\/godot-en-desodon-esperando-en-la-espana-vaciada\/\">Godot en Desod\u00f3n. Esperando en la Espa\u00f1a Vaciada<\/a><\/h4>\n<p>Lagarto Lagarto[\/vc_column_text][\/vc_column][vc_column width=\u00bb1\/4&#8243;][vc_single_image image=\u00bb5934&#8243; img_size=\u00bb300&#215;300&#8243; style=\u00bbvc_box_rounded\u00bb onclick=\u00bbcustom_link\u00bb link=\u00bbhttps:\/\/feriadeteatroydanza.com\/index.php\/event\/mea-culpa\/\u00bb][vc_column_text]<\/p>\n<h4><a href=\"https:\/\/feriadeteatroydanza.com\/index.php\/event\/mea-culpa\/\">Mea Culpa<\/a><\/h4>\n<p>Minervajoelsol[\/vc_column_text][\/vc_column][vc_column width=\u00bb1\/4&#8243;][vc_single_image image=\u00bb5831&#8243; img_size=\u00bb300&#215;300&#8243; style=\u00bbvc_box_rounded\u00bb onclick=\u00bbcustom_link\u00bb link=\u00bbhttps:\/\/feriadeteatroydanza.com\/index.php\/event\/gala-de-circo\/\u00bb][vc_column_text]<\/p>\n<h4><a href=\"https:\/\/feriadeteatroydanza.com\/index.php\/event\/gala-de-circo\/\">Gala de Circo<\/a><\/h4>\n<p>CARPA. Asociaci\u00f3n de Profesionales del Circo de Arag\u00f3n[\/vc_column_text][\/vc_column][\/vc_row][vc_row][vc_column width=\u00bb1\/4&#8243;][vc_single_image image=\u00bb5873&#8243; img_size=\u00bb300&#215;300&#8243; style=\u00bbvc_box_rounded\u00bb onclick=\u00bbcustom_link\u00bb link=\u00bbhttps:\/\/feriadeteatroydanza.com\/index.php\/event\/dirau\/\u00bb][vc_column_text]<\/p>\n<h4><a href=\"https:\/\/feriadeteatroydanza.com\/index.php\/event\/dirau\/\">Dirau<\/a><\/h4>\n<p>Bilaka[\/vc_column_text][vc_empty_space][\/vc_column][vc_column width=\u00bb1\/4&#8243;][vc_single_image image=\u00bb5849&#8243; img_size=\u00bb300&#215;300&#8243; style=\u00bbvc_box_rounded\u00bb onclick=\u00bbcustom_link\u00bb link=\u00bbhttps:\/\/feriadeteatroydanza.com\/index.php\/event\/amas\/\u00bb][vc_column_text]<\/p>\n<h4><a href=\"https:\/\/feriadeteatroydanza.com\/index.php\/event\/amas\/\">Amas<\/a><\/h4>\n<p>Colectivo Hambrientas[\/vc_column_text][\/vc_column][vc_column width=\u00bb1\/4&#8243;][vc_single_image image=\u00bb5922&#8243; img_size=\u00bb300&#215;300&#8243; style=\u00bbvc_box_rounded\u00bb onclick=\u00bbcustom_link\u00bb link=\u00bbhttps:\/\/feriadeteatroydanza.com\/index.php\/event\/la-compostura\/\u00bb][vc_column_text]<\/p>\n<h4><a href=\"https:\/\/feriadeteatroydanza.com\/index.php\/event\/la-compostura\/\">La Compostura<\/a><\/h4>\n<p>El Somni Produccions[\/vc_column_text][\/vc_column][vc_column width=\u00bb1\/4&#8243;][\/vc_column][\/vc_row]<\/p>\n","protected":false},"excerpt":{"rendered":"<p>[vc_row][vc_column][vc_empty_space][\/vc_column][\/vc_row][vc_row][vc_column width=\u00bb1\/4&#8243;][vc_single_image image=\u00bb5697&#8243; img_size=\u00bb300&#215;300&#8243; style=\u00bbvc_box_rounded\u00bb onclick=\u00bbcustom_link\u00bb link=\u00bbhttps:\/\/feriadeteatroydanza.com\/index.php\/event\/a-ton-town-west\/\u00bb][vc_column_text] A Ton Town West Almozandia Teatro[\/vc_column_text][vc_empty_space][\/vc_column][vc_column width=\u00bb1\/4&#8243;][vc_single_image image=\u00bb5699&#8243; img_size=\u00bb300&#215;300&#8243; style=\u00bbvc_box_rounded\u00bb onclick=\u00bbcustom_link\u00bb link=\u00bbhttps:\/\/feriadeteatroydanza.com\/index.php\/event\/dobles\/\u00bb][vc_column_text] Dobles Maria Ganzar\u00e1in Pina y Teresa Magall\u00f3n Cort\u00e9s[\/vc_column_text][\/vc_column][vc_column width=\u00bb1\/4&#8243;][vc_single_image image=\u00bb5701&#8243; img_size=\u00bb300&#215;300&#8243; style=\u00bbvc_box_rounded\u00bb onclick=\u00bbcustom_link\u00bb link=\u00bbhttps:\/\/feriadeteatroydanza.com\/index.php\/event\/tatas\/\u00bb][vc_column_text] Tatas Trapecio Mucho[\/vc_column_text][\/vc_column][vc_column width=\u00bb1\/4&#8243;][vc_single_image image=\u00bb5715&#8243; img_size=\u00bb300&#215;300&#8243; style=\u00bbvc_box_rounded\u00bb onclick=\u00bbcustom_link\u00bb link=\u00bbhttps:\/\/feriadeteatroydanza.com\/index.php\/event\/5721\/\u00bb][vc_column_text] Brigada B.Z.Z.Z. Kabuts[\/vc_column_text][\/vc_column][\/vc_row][vc_row][vc_column&#8230;<\/p>\n","protected":false},"author":1,"featured_media":0,"parent":0,"menu_order":0,"comment_status":"closed","ping_status":"closed","template":"","meta":{"footnotes":""},"class_list":["post-5708","page","type-page","status-publish","hentry"],"yoast_head":"<!-- This site is optimized with the Yoast SEO plugin v17.1 - https:\/\/yoast.com\/wordpress\/plugins\/seo\/ -->\n<title>Compa\u00f1\u00edas 2026 - Feria de teatro y danza<\/title>\n<meta name=\"robots\" content=\"index, follow, max-snippet:-1, max-image-preview:large, max-video-preview:-1\" \/>\n<link rel=\"canonical\" href=\"https:\/\/feriadeteatroydanza.com\/index.php\/companias-2026\/\" \/>\n<meta property=\"og:locale\" content=\"es_ES\" \/>\n<meta property=\"og:type\" content=\"article\" \/>\n<meta property=\"og:title\" content=\"Compa\u00f1\u00edas 2026 - Feria de teatro y danza\" \/>\n<meta property=\"og:description\" content=\"[vc_row][vc_column][vc_empty_space][\/vc_column][\/vc_row][vc_row][vc_column width=\u00bb1\/4&#8243;][vc_single_image image=\u00bb5697&#8243; img_size=\u00bb300&#215;300&#8243; style=\u00bbvc_box_rounded\u00bb onclick=\u00bbcustom_link\u00bb link=\u00bbhttps:\/\/feriadeteatroydanza.com\/index.php\/event\/a-ton-town-west\/\u00bb][vc_column_text] A Ton Town West Almozandia Teatro[\/vc_column_text][vc_empty_space][\/vc_column][vc_column width=\u00bb1\/4&#8243;][vc_single_image image=\u00bb5699&#8243; img_size=\u00bb300&#215;300&#8243; style=\u00bbvc_box_rounded\u00bb onclick=\u00bbcustom_link\u00bb link=\u00bbhttps:\/\/feriadeteatroydanza.com\/index.php\/event\/dobles\/\u00bb][vc_column_text] Dobles Maria Ganzar\u00e1in Pina y Teresa Magall\u00f3n Cort\u00e9s[\/vc_column_text][\/vc_column][vc_column width=\u00bb1\/4&#8243;][vc_single_image image=\u00bb5701&#8243; img_size=\u00bb300&#215;300&#8243; style=\u00bbvc_box_rounded\u00bb onclick=\u00bbcustom_link\u00bb link=\u00bbhttps:\/\/feriadeteatroydanza.com\/index.php\/event\/tatas\/\u00bb][vc_column_text] Tatas Trapecio Mucho[\/vc_column_text][\/vc_column][vc_column width=\u00bb1\/4&#8243;][vc_single_image image=\u00bb5715&#8243; img_size=\u00bb300&#215;300&#8243; style=\u00bbvc_box_rounded\u00bb onclick=\u00bbcustom_link\u00bb link=\u00bbhttps:\/\/feriadeteatroydanza.com\/index.php\/event\/5721\/\u00bb][vc_column_text] Brigada B.Z.Z.Z. Kabuts[\/vc_column_text][\/vc_column][\/vc_row][vc_row][vc_column...\" \/>\n<meta property=\"og:url\" content=\"https:\/\/feriadeteatroydanza.com\/index.php\/companias-2026\/\" \/>\n<meta property=\"og:site_name\" content=\"Feria de teatro y danza\" \/>\n<meta property=\"article:publisher\" content=\"https:\/\/www.facebook.com\/feriahuesca\" \/>\n<meta property=\"article:modified_time\" content=\"2026-09-01T12:27:45+00:00\" \/>\n<meta name=\"twitter:card\" content=\"summary_large_image\" \/>\n<meta name=\"twitter:site\" content=\"@FeriaHuesca\" \/>\n<meta name=\"twitter:label1\" content=\"Tiempo de lectura\" \/>\n\t<meta name=\"twitter:data1\" content=\"7 minutos\" \/>\n<script type=\"application\/ld+json\" class=\"yoast-schema-graph\">{\"@context\":\"https:\/\/schema.org\",\"@graph\":[{\"@type\":\"Organization\",\"@id\":\"https:\/\/feriadeteatroydanza.com\/#organization\",\"name\":\"Feria de Teatro y Danza de Huesca\",\"url\":\"https:\/\/feriadeteatroydanza.com\/\",\"sameAs\":[\"https:\/\/www.facebook.com\/feriahuesca\",\"https:\/\/www.instagram.com\/feriahuesca\/\",\"https:\/\/twitter.com\/FeriaHuesca\"],\"logo\":{\"@type\":\"ImageObject\",\"@id\":\"https:\/\/feriadeteatroydanza.com\/#logo\",\"inLanguage\":\"es\",\"url\":\"https:\/\/feriadeteatroydanza.com\/wp-content\/uploads\/2020\/11\/logo.jpg\",\"contentUrl\":\"https:\/\/feriadeteatroydanza.com\/wp-content\/uploads\/2020\/11\/logo.jpg\",\"width\":242,\"height\":116,\"caption\":\"Feria de Teatro y Danza de Huesca\"},\"image\":{\"@id\":\"https:\/\/feriadeteatroydanza.com\/#logo\"}},{\"@type\":\"WebSite\",\"@id\":\"https:\/\/feriadeteatroydanza.com\/#website\",\"url\":\"https:\/\/feriadeteatroydanza.com\/\",\"name\":\"Feria de teatro y danza\",\"description\":\"Del 28 de septiembre al 2 de octubre de 2025\",\"publisher\":{\"@id\":\"https:\/\/feriadeteatroydanza.com\/#organization\"},\"potentialAction\":[{\"@type\":\"SearchAction\",\"target\":{\"@type\":\"EntryPoint\",\"urlTemplate\":\"https:\/\/feriadeteatroydanza.com\/?s={search_term_string}\"},\"query-input\":\"required name=search_term_string\"}],\"inLanguage\":\"es\"},{\"@type\":\"WebPage\",\"@id\":\"https:\/\/feriadeteatroydanza.com\/index.php\/companias-2026\/#webpage\",\"url\":\"https:\/\/feriadeteatroydanza.com\/index.php\/companias-2026\/\",\"name\":\"Compa\\u00f1\\u00edas 2026 - Feria de teatro y danza\",\"isPartOf\":{\"@id\":\"https:\/\/feriadeteatroydanza.com\/#website\"},\"datePublished\":\"2026-08-06T17:13:49+00:00\",\"dateModified\":\"2026-09-01T12:27:45+00:00\",\"breadcrumb\":{\"@id\":\"https:\/\/feriadeteatroydanza.com\/index.php\/companias-2026\/#breadcrumb\"},\"inLanguage\":\"es\",\"potentialAction\":[{\"@type\":\"ReadAction\",\"target\":[\"https:\/\/feriadeteatroydanza.com\/index.php\/companias-2026\/\"]}]},{\"@type\":\"BreadcrumbList\",\"@id\":\"https:\/\/feriadeteatroydanza.com\/index.php\/companias-2026\/#breadcrumb\",\"itemListElement\":[{\"@type\":\"ListItem\",\"position\":1,\"name\":\"Portada\",\"item\":\"https:\/\/feriadeteatroydanza.com\/\"},{\"@type\":\"ListItem\",\"position\":2,\"name\":\"Compa\\u00f1\\u00edas 2026\"}]}]}<\/script>\n<!-- \/ Yoast SEO plugin. -->","yoast_head_json":{"title":"Compa\u00f1\u00edas 2026 - Feria de teatro y danza","robots":{"index":"index","follow":"follow","max-snippet":"max-snippet:-1","max-image-preview":"max-image-preview:large","max-video-preview":"max-video-preview:-1"},"canonical":"https:\/\/feriadeteatroydanza.com\/index.php\/companias-2026\/","og_locale":"es_ES","og_type":"article","og_title":"Compa\u00f1\u00edas 2026 - Feria de teatro y danza","og_description":"[vc_row][vc_column][vc_empty_space][\/vc_column][\/vc_row][vc_row][vc_column width=\u00bb1\/4&#8243;][vc_single_image image=\u00bb5697&#8243; img_size=\u00bb300&#215;300&#8243; style=\u00bbvc_box_rounded\u00bb onclick=\u00bbcustom_link\u00bb link=\u00bbhttps:\/\/feriadeteatroydanza.com\/index.php\/event\/a-ton-town-west\/\u00bb][vc_column_text] A Ton Town West Almozandia Teatro[\/vc_column_text][vc_empty_space][\/vc_column][vc_column width=\u00bb1\/4&#8243;][vc_single_image image=\u00bb5699&#8243; img_size=\u00bb300&#215;300&#8243; style=\u00bbvc_box_rounded\u00bb onclick=\u00bbcustom_link\u00bb link=\u00bbhttps:\/\/feriadeteatroydanza.com\/index.php\/event\/dobles\/\u00bb][vc_column_text] Dobles Maria Ganzar\u00e1in Pina y Teresa Magall\u00f3n Cort\u00e9s[\/vc_column_text][\/vc_column][vc_column width=\u00bb1\/4&#8243;][vc_single_image image=\u00bb5701&#8243; img_size=\u00bb300&#215;300&#8243; style=\u00bbvc_box_rounded\u00bb onclick=\u00bbcustom_link\u00bb link=\u00bbhttps:\/\/feriadeteatroydanza.com\/index.php\/event\/tatas\/\u00bb][vc_column_text] Tatas Trapecio Mucho[\/vc_column_text][\/vc_column][vc_column width=\u00bb1\/4&#8243;][vc_single_image image=\u00bb5715&#8243; img_size=\u00bb300&#215;300&#8243; style=\u00bbvc_box_rounded\u00bb onclick=\u00bbcustom_link\u00bb link=\u00bbhttps:\/\/feriadeteatroydanza.com\/index.php\/event\/5721\/\u00bb][vc_column_text] Brigada B.Z.Z.Z. Kabuts[\/vc_column_text][\/vc_column][\/vc_row][vc_row][vc_column...","og_url":"https:\/\/feriadeteatroydanza.com\/index.php\/companias-2026\/","og_site_name":"Feria de teatro y danza","article_publisher":"https:\/\/www.facebook.com\/feriahuesca","article_modified_time":"2026-09-01T12:27:45+00:00","twitter_card":"summary_large_image","twitter_site":"@FeriaHuesca","twitter_misc":{"Tiempo de lectura":"7 minutos"},"schema":{"@context":"https:\/\/schema.org","@graph":[{"@type":"Organization","@id":"https:\/\/feriadeteatroydanza.com\/#organization","name":"Feria de Teatro y Danza de Huesca","url":"https:\/\/feriadeteatroydanza.com\/","sameAs":["https:\/\/www.facebook.com\/feriahuesca","https:\/\/www.instagram.com\/feriahuesca\/","https:\/\/twitter.com\/FeriaHuesca"],"logo":{"@type":"ImageObject","@id":"https:\/\/feriadeteatroydanza.com\/#logo","inLanguage":"es","url":"https:\/\/feriadeteatroydanza.com\/wp-content\/uploads\/2020\/11\/logo.jpg","contentUrl":"https:\/\/feriadeteatroydanza.com\/wp-content\/uploads\/2020\/11\/logo.jpg","width":242,"height":116,"caption":"Feria de Teatro y Danza de Huesca"},"image":{"@id":"https:\/\/feriadeteatroydanza.com\/#logo"}},{"@type":"WebSite","@id":"https:\/\/feriadeteatroydanza.com\/#website","url":"https:\/\/feriadeteatroydanza.com\/","name":"Feria de teatro y danza","description":"Del 28 de septiembre al 2 de octubre de 2025","publisher":{"@id":"https:\/\/feriadeteatroydanza.com\/#organization"},"potentialAction":[{"@type":"SearchAction","target":{"@type":"EntryPoint","urlTemplate":"https:\/\/feriadeteatroydanza.com\/?s={search_term_string}"},"query-input":"required name=search_term_string"}],"inLanguage":"es"},{"@type":"WebPage","@id":"https:\/\/feriadeteatroydanza.com\/index.php\/companias-2026\/#webpage","url":"https:\/\/feriadeteatroydanza.com\/index.php\/companias-2026\/","name":"Compa\u00f1\u00edas 2026 - Feria de teatro y danza","isPartOf":{"@id":"https:\/\/feriadeteatroydanza.com\/#website"},"datePublished":"2026-08-06T17:13:49+00:00","dateModified":"2026-09-01T12:27:45+00:00","breadcrumb":{"@id":"https:\/\/feriadeteatroydanza.com\/index.php\/companias-2026\/#breadcrumb"},"inLanguage":"es","potentialAction":[{"@type":"ReadAction","target":["https:\/\/feriadeteatroydanza.com\/index.php\/companias-2026\/"]}]},{"@type":"BreadcrumbList","@id":"https:\/\/feriadeteatroydanza.com\/index.php\/companias-2026\/#breadcrumb","itemListElement":[{"@type":"ListItem","position":1,"name":"Portada","item":"https:\/\/feriadeteatroydanza.com\/"},{"@type":"ListItem","position":2,"name":"Compa\u00f1\u00edas 2026"}]}]}},"_links":{"self":[{"href":"https:\/\/feriadeteatroydanza.com\/index.php\/wp-json\/wp\/v2\/pages\/5708","targetHints":{"allow":["GET"]}}],"collection":[{"href":"https:\/\/feriadeteatroydanza.com\/index.php\/wp-json\/wp\/v2\/pages"}],"about":[{"href":"https:\/\/feriadeteatroydanza.com\/index.php\/wp-json\/wp\/v2\/types\/page"}],"author":[{"embeddable":true,"href":"https:\/\/feriadeteatroydanza.com\/index.php\/wp-json\/wp\/v2\/users\/1"}],"replies":[{"embeddable":true,"href":"https:\/\/feriadeteatroydanza.com\/index.php\/wp-json\/wp\/v2\/comments?post=5708"}],"version-history":[{"count":36,"href":"https:\/\/feriadeteatroydanza.com\/index.php\/wp-json\/wp\/v2\/pages\/5708\/revisions"}],"predecessor-version":[{"id":5936,"href":"https:\/\/feriadeteatroydanza.com\/index.php\/wp-json\/wp\/v2\/pages\/5708\/revisions\/5936"}],"wp:attachment":[{"href":"https:\/\/feriadeteatroydanza.com\/index.php\/wp-json\/wp\/v2\/media?parent=5708"}],"curies":[{"name":"wp","href":"https:\/\/api.w.org\/{rel}","templated":true}]}}